{"id":20417,"date":"2022-12-14T11:45:12","date_gmt":"2022-12-14T16:45:12","guid":{"rendered":"https:\/\/www.crim.ca\/evenement\/presentiel-rdv-forum-du-criaq\/"},"modified":"2026-04-27T11:01:12","modified_gmt":"2026-04-27T15:01:12","slug":"presentiel-rdv-forum-du-criaq","status":"expired","type":"event_listing","link":"https:\/\/www.crim.ca\/fr\/evenement\/presentiel-rdv-forum-du-criaq\/","title":{"rendered":"RDV Forum du CRIAQ"},"content":{"rendered":"<p>La 12e \u00e9dition du <strong>RDV Forum du CRIAQ<\/strong> vous permettra d\u2019\u00e9changer sur les enjeux et les solutions pour acc\u00e9l\u00e9rer la transition pour une mobilit\u00e9 r\u00e9siliente et durable.<\/p>\n<p>Participez \u00e0 ces deux jours d\u00e9di\u00e9s \u00e0 l\u2019id\u00e9ation de projets pour la mobilit\u00e9 a\u00e9rienne de demain. Durant le RDV Forum, nous discuterons ensemble des trajectoires n\u00e9cessaires vers l\u2019atteinte d\u2019objectifs en regard de l\u2019a\u00e9rospatiale durable, une mobilit\u00e9 a\u00e9rienne du futur r\u00e9siliente centr\u00e9e sur le client et des syst\u00e8mes d\u2019aviation num\u00e9riques int\u00e9gr\u00e9s, s\u00e9curitaires et performants.<\/p>\n<p>Face aux enjeux d\u2019aujourd\u2019hui et de demain, le RDV Forum est le lieu par excellence pour cr\u00e9er et soutenir une coop\u00e9ration interdisciplinaire et intersectorielle pour acc\u00e9l\u00e9rer les d\u00e9veloppements ax\u00e9s sur les besoins de la soci\u00e9t\u00e9 pour de nouveaux produits et services de mobilit\u00e9 a\u00e9rienne en plus d\u2019assurer leur acceptation par la soci\u00e9t\u00e9, les autorit\u00e9s et les communaut\u00e9s.<\/p>\n","protected":false},"featured_media":20437,"template":"","meta":{"_acf_changed":false,"_links_to":"","_links_to_target":""},"event_listing_category":[471],"event_listing_type":[473],"class_list":["post-20417","event_listing","type-event_listing","status-expired","has-post-thumbnail","hentry","event_listing_category-evenements-partenaires","event_listing_type-presentiel"],"acf":[],"_links":{"self":[{"href":"https:\/\/www.crim.ca\/fr\/wp-json\/wp\/v2\/event_listing\/20417","targetHints":{"allow":["GET"]}}],"collection":[{"href":"https:\/\/www.crim.ca\/fr\/wp-json\/wp\/v2\/event_listing"}],"about":[{"href":"https:\/\/www.crim.ca\/fr\/wp-json\/wp\/v2\/types\/event_listing"}],"version-history":[{"count":2,"href":"https:\/\/www.crim.ca\/fr\/wp-json\/wp\/v2\/event_listing\/20417\/revisions"}],"predecessor-version":[{"id":20425,"href":"https:\/\/www.crim.ca\/fr\/wp-json\/wp\/v2\/event_listing\/20417\/revisions\/20425"}],"wp:featuredmedia":[{"embeddable":true,"href":"https:\/\/www.crim.ca\/fr\/wp-json\/wp\/v2\/media\/20437"}],"wp:attachment":[{"href":"https:\/\/www.crim.ca\/fr\/wp-json\/wp\/v2\/media?parent=20417"}],"wp:term":[{"taxonomy":"event_listing_category","embeddable":true,"href":"https:\/\/www.crim.ca\/fr\/wp-json\/wp\/v2\/event_listing_category?post=20417"},{"taxonomy":"event_listing_type","embeddable":true,"href":"https:\/\/www.crim.ca\/fr\/wp-json\/wp\/v2\/event_listing_type?post=20417"}],"curies":[{"name":"wp","href":"https:\/\/api.w.org\/{rel}","templated":true}]}}